{"id":3974,"date":"2015-03-24T07:53:16","date_gmt":"2015-03-24T05:53:16","guid":{"rendered":"http:\/\/www.lebenswege.co\/WP\/?post_type=portfolio&#038;p=3974"},"modified":"2016-10-19T15:21:39","modified_gmt":"2016-10-19T13:21:39","slug":"gedenkfeiern","status":"publish","type":"portfolio","link":"https:\/\/www.lebenswege.co\/WP\/portfolio-item\/gedenkfeiern\/","title":{"rendered":"Gedenkfeiern"},"content":{"rendered":"<div id='av_section_1'  class='avia-section main_color avia-section-no-padding avia-no-border-styling  avia-bg-style-scroll  avia-builder-el-0  avia-builder-el-no-sibling   container_wrap fullsize' style=' '  ><div class='container' ><main  role=\"main\" itemprop=\"mainContentOfPage\"  class='template-page content  av-content-full alpha units'><div class='post-entry post-entry-type-page post-entry-3974'><div class='entry-content-wrapper clearfix'>\n<div class=\"flex_column av_two_fifth  flex_column_div first  avia-builder-el-1  el_before_av_three_fifth  avia-builder-el-first  \" style='padding:5px; border-radius:0px; '><p><div  class='avia-image-container  av-styling-    avia-builder-el-2  el_before_av_hr  avia-builder-el-first  avia-align-center '  itemprop=\"image\" itemscope=\"itemscope\" itemtype=\"https:\/\/schema.org\/ImageObject\"  ><div class='avia-image-container-inner'><div class='avia-image-overlay-wrap'><img class='avia_image' src='https:\/\/www.lebenswege.co\/WP\/wp-content\/uploads\/Gedenkfeier1.jpg' alt='' title='Gedenkfeier1' height=\"800\" width=\"800\"  itemprop=\"thumbnailUrl\"  \/><\/div><\/div><\/div><br \/>\n<div  style='height:50px' class='hr hr-invisible   avia-builder-el-3  el_after_av_image  avia-builder-el-last '><span class='hr-inner ' ><span class='hr-inner-style'><\/span><\/span><\/div><\/p><\/div><div class=\"flex_column av_three_fifth  flex_column_div av-zero-column-padding   avia-builder-el-4  el_after_av_two_fifth  el_before_av_textblock  \" style='border-radius:0px; '><p><div  style='padding-bottom:10px; ' class='av-special-heading av-special-heading-h3    avia-builder-el-5  el_before_av_textblock  avia-builder-el-first  '><h3 class='av-special-heading-tag '  itemprop=\"headline\"  >Wie k\u00f6nnen Sie auch weiterhin Ihrem Angeh\u00f6rigen einen Platz im Leben geben?<\/h3><div class='special-heading-border'><div class='special-heading-inner-border' ><\/div><\/div><\/div><br \/>\n<section class=\"av_textblock_section \"  itemscope=\"itemscope\" itemtype=\"https:\/\/schema.org\/CreativeWork\" ><div class='avia_textblock  '   itemprop=\"text\" ><p><em><span style=\"color: #666666;\">Denn niemals geht man so ganz&#8230;<\/span><\/em><\/p>\n<\/div><\/section><br \/>\n<section class=\"av_textblock_section \"  itemscope=\"itemscope\" itemtype=\"https:\/\/schema.org\/CreativeWork\" ><div class='avia_textblock  '   itemprop=\"text\" ><p>Die Beerdigung muss nicht die einzige Gelegenheit bleiben, Ihres verstorbenen Angeh\u00f6rigen in einem feierlichen Rahmen zu gedenken.<\/p>\n<p>Traditionell erinnert man sich an die Verstorbenen bei Sechs-Wochen- oder Jahresged\u00e4chtnissen. Aber jedes f\u00fcr Sie und Ihre Beziehung wichtige Datum \u2013 Geburtstag, Hochzeitstag, noch gemeinsam geplante Zeiten, Familienfeste \u2013 kann ein Anlass sein, in einer gestalteten Feier mit anderen zusammen zukommen, die Erinnerung an den Verstorbenen aufleben zu lassen und den Schmerz und die Traurigkeit zu teilen.<\/p>\n<\/div><\/section><br \/>\n<section class=\"av_textblock_section \"  itemscope=\"itemscope\" itemtype=\"https:\/\/schema.org\/CreativeWork\" ><div class='avia_textblock  '   itemprop=\"text\" ><p>Auch mag es f\u00fcr Angeh\u00f6rige, Freunde oder Kollegen, denen es vielleicht nicht m\u00f6glich war, an der Beerdigung teilzunehmen, ein wichtiges Anliegen sein, einen bewussten Abschied zu nehmen.<\/p>\n<p>Gerne helfe ich Ihnen, auch \u00fcber die Beerdigungsfeier hinaus eine f\u00fcr Sie stimmige Form des pers\u00f6nlichen Gedenkens zu finden und mit Ihnen zu gestalten. Denn die Trauer ist ein langer Weg, der immer wieder Stationen des Inne- und Aushaltens braucht.<\/p>\n<\/div><\/section><\/p><\/div><section class=\"av_textblock_section \"  itemscope=\"itemscope\" itemtype=\"https:\/\/schema.org\/CreativeWork\" ><div class='avia_textblock  '   itemprop=\"text\" ><p style=\"text-align: center;\">Da die Kosten sich nach Art und Umfang der Gedenkfeier richten, nehmen Sie gerne <a href=\"https:\/\/www.lebenswege.co\/WP\/portfolio-item\/kontakt\/\">Kontakt <\/a>auf und sprechen Sie mich f\u00fcr ein unverbindliches Angebot an.<\/p>\n<\/div><\/section>\n<div  style='height:50px' class='hr hr-invisible   avia-builder-el-10  el_after_av_textblock  avia-builder-el-last '><span class='hr-inner ' ><span class='hr-inner-style'><\/span><\/span><\/div>\n\n","protected":false},"excerpt":{"rendered":"","protected":false},"featured_media":4136,"comment_status":"closed","ping_status":"closed","template":"","tags":[],"portfolio_entries":[36],"class_list":["post-3974","portfolio","type-portfolio","status-publish","has-post-thumbnail","hentry","portfolio_entries-abschiedsfeiern"],"yoast_head":"<!-- This site is optimized with the Yoast SEO plugin v27.2 - https:\/\/yoast.com\/product\/yoast-seo-wordpress\/ -->\n<title>Gedenkfeiern - Sylvia Cordie - Lebenswege<\/title>\n<meta name=\"robots\" content=\"index, follow, max-snippet:-1, max-image-preview:large, max-video-preview:-1\" \/>\n<link rel=\"canonical\" href=\"https:\/\/www.lebenswege.co\/WP\/portfolio-item\/gedenkfeiern\/\" \/>\n<meta property=\"og:locale\" content=\"de_DE\" \/>\n<meta property=\"og:type\" content=\"article\" \/>\n<meta property=\"og:title\" content=\"Gedenkfeiern - Sylvia Cordie - Lebenswege\" \/>\n<meta property=\"og:url\" content=\"https:\/\/www.lebenswege.co\/WP\/portfolio-item\/gedenkfeiern\/\" \/>\n<meta property=\"og:site_name\" content=\"Sylvia Cordie - Lebenswege\" \/>\n<meta property=\"article:modified_time\" content=\"2016-10-19T13:21:39+00:00\" \/>\n<meta property=\"og:image\" content=\"https:\/\/www.lebenswege.co\/WP\/wp-content\/uploads\/Gedenkfeiern2.jpg\" \/>\n\t<meta property=\"og:image:width\" content=\"800\" \/>\n\t<meta property=\"og:image:height\" content=\"800\" \/>\n\t<meta property=\"og:image:type\" content=\"image\/jpeg\" \/>\n<meta name=\"twitter:card\" content=\"summary_large_image\" \/>\n<meta name=\"twitter:label1\" content=\"Gesch\u00e4tzte Lesezeit\" \/>\n\t<meta name=\"twitter:data1\" content=\"3\u00a0Minuten\" \/>\n<script type=\"application\/ld+json\" class=\"yoast-schema-graph\">{\"@context\":\"https:\/\/schema.org\",\"@graph\":[{\"@type\":\"WebPage\",\"@id\":\"https:\/\/www.lebenswege.co\/WP\/portfolio-item\/gedenkfeiern\/\",\"url\":\"https:\/\/www.lebenswege.co\/WP\/portfolio-item\/gedenkfeiern\/\",\"name\":\"Gedenkfeiern - Sylvia Cordie - Lebenswege\",\"isPartOf\":{\"@id\":\"https:\/\/www.lebenswege.co\/WP\/#website\"},\"primaryImageOfPage\":{\"@id\":\"https:\/\/www.lebenswege.co\/WP\/portfolio-item\/gedenkfeiern\/#primaryimage\"},\"image\":{\"@id\":\"https:\/\/www.lebenswege.co\/WP\/portfolio-item\/gedenkfeiern\/#primaryimage\"},\"thumbnailUrl\":\"https:\/\/www.lebenswege.co\/WP\/wp-content\/uploads\/Gedenkfeiern2.jpg\",\"datePublished\":\"2015-03-24T05:53:16+00:00\",\"dateModified\":\"2016-10-19T13:21:39+00:00\",\"breadcrumb\":{\"@id\":\"https:\/\/www.lebenswege.co\/WP\/portfolio-item\/gedenkfeiern\/#breadcrumb\"},\"inLanguage\":\"de\",\"potentialAction\":[{\"@type\":\"ReadAction\",\"target\":[\"https:\/\/www.lebenswege.co\/WP\/portfolio-item\/gedenkfeiern\/\"]}]},{\"@type\":\"ImageObject\",\"inLanguage\":\"de\",\"@id\":\"https:\/\/www.lebenswege.co\/WP\/portfolio-item\/gedenkfeiern\/#primaryimage\",\"url\":\"https:\/\/www.lebenswege.co\/WP\/wp-content\/uploads\/Gedenkfeiern2.jpg\",\"contentUrl\":\"https:\/\/www.lebenswege.co\/WP\/wp-content\/uploads\/Gedenkfeiern2.jpg\",\"width\":800,\"height\":800},{\"@type\":\"BreadcrumbList\",\"@id\":\"https:\/\/www.lebenswege.co\/WP\/portfolio-item\/gedenkfeiern\/#breadcrumb\",\"itemListElement\":[{\"@type\":\"ListItem\",\"position\":1,\"name\":\"Startseite\",\"item\":\"https:\/\/www.lebenswege.co\/WP\/\"},{\"@type\":\"ListItem\",\"position\":2,\"name\":\"Gedenkfeiern\"}]},{\"@type\":\"WebSite\",\"@id\":\"https:\/\/www.lebenswege.co\/WP\/#website\",\"url\":\"https:\/\/www.lebenswege.co\/WP\/\",\"name\":\"Sylvia Cordie - Lebenswege - Wort - Begleitung - Stimme\",\"description\":\"Wort | Begleitung | Stimme\",\"publisher\":{\"@id\":\"https:\/\/www.lebenswege.co\/WP\/#\/schema\/person\/d92bed2b60e7c1d5067b038498e78265\"},\"potentialAction\":[{\"@type\":\"SearchAction\",\"target\":{\"@type\":\"EntryPoint\",\"urlTemplate\":\"https:\/\/www.lebenswege.co\/WP\/?s={search_term_string}\"},\"query-input\":{\"@type\":\"PropertyValueSpecification\",\"valueRequired\":true,\"valueName\":\"search_term_string\"}}],\"inLanguage\":\"de\"},{\"@type\":[\"Person\",\"Organization\"],\"@id\":\"https:\/\/www.lebenswege.co\/WP\/#\/schema\/person\/d92bed2b60e7c1d5067b038498e78265\",\"name\":\"Sylvia Cordie\",\"image\":{\"@type\":\"ImageObject\",\"inLanguage\":\"de\",\"@id\":\"https:\/\/www.lebenswege.co\/WP\/wp-content\/uploads\/ichtysbutton_klein.png\",\"url\":\"https:\/\/www.lebenswege.co\/WP\/wp-content\/uploads\/ichtysbutton_klein.png\",\"contentUrl\":\"https:\/\/www.lebenswege.co\/WP\/wp-content\/uploads\/ichtysbutton_klein.png\",\"width\":82,\"height\":82,\"caption\":\"Sylvia Cordie\"},\"logo\":{\"@id\":\"https:\/\/www.lebenswege.co\/WP\/wp-content\/uploads\/ichtysbutton_klein.png\"},\"sameAs\":[\"http:\/\/www.lebenswege.co\"]}]}<\/script>\n<!-- \/ Yoast SEO plugin. -->","yoast_head_json":{"title":"Gedenkfeiern - Sylvia Cordie - Lebenswege","robots":{"index":"index","follow":"follow","max-snippet":"max-snippet:-1","max-image-preview":"max-image-preview:large","max-video-preview":"max-video-preview:-1"},"canonical":"https:\/\/www.lebenswege.co\/WP\/portfolio-item\/gedenkfeiern\/","og_locale":"de_DE","og_type":"article","og_title":"Gedenkfeiern - Sylvia Cordie - Lebenswege","og_url":"https:\/\/www.lebenswege.co\/WP\/portfolio-item\/gedenkfeiern\/","og_site_name":"Sylvia Cordie - Lebenswege","article_modified_time":"2016-10-19T13:21:39+00:00","og_image":[{"width":800,"height":800,"url":"https:\/\/www.lebenswege.co\/WP\/wp-content\/uploads\/Gedenkfeiern2.jpg","type":"image\/jpeg"}],"twitter_card":"summary_large_image","twitter_misc":{"Gesch\u00e4tzte Lesezeit":"3\u00a0Minuten"},"schema":{"@context":"https:\/\/schema.org","@graph":[{"@type":"WebPage","@id":"https:\/\/www.lebenswege.co\/WP\/portfolio-item\/gedenkfeiern\/","url":"https:\/\/www.lebenswege.co\/WP\/portfolio-item\/gedenkfeiern\/","name":"Gedenkfeiern - Sylvia Cordie - Lebenswege","isPartOf":{"@id":"https:\/\/www.lebenswege.co\/WP\/#website"},"primaryImageOfPage":{"@id":"https:\/\/www.lebenswege.co\/WP\/portfolio-item\/gedenkfeiern\/#primaryimage"},"image":{"@id":"https:\/\/www.lebenswege.co\/WP\/portfolio-item\/gedenkfeiern\/#primaryimage"},"thumbnailUrl":"https:\/\/www.lebenswege.co\/WP\/wp-content\/uploads\/Gedenkfeiern2.jpg","datePublished":"2015-03-24T05:53:16+00:00","dateModified":"2016-10-19T13:21:39+00:00","breadcrumb":{"@id":"https:\/\/www.lebenswege.co\/WP\/portfolio-item\/gedenkfeiern\/#breadcrumb"},"inLanguage":"de","potentialAction":[{"@type":"ReadAction","target":["https:\/\/www.lebenswege.co\/WP\/portfolio-item\/gedenkfeiern\/"]}]},{"@type":"ImageObject","inLanguage":"de","@id":"https:\/\/www.lebenswege.co\/WP\/portfolio-item\/gedenkfeiern\/#primaryimage","url":"https:\/\/www.lebenswege.co\/WP\/wp-content\/uploads\/Gedenkfeiern2.jpg","contentUrl":"https:\/\/www.lebenswege.co\/WP\/wp-content\/uploads\/Gedenkfeiern2.jpg","width":800,"height":800},{"@type":"BreadcrumbList","@id":"https:\/\/www.lebenswege.co\/WP\/portfolio-item\/gedenkfeiern\/#breadcrumb","itemListElement":[{"@type":"ListItem","position":1,"name":"Startseite","item":"https:\/\/www.lebenswege.co\/WP\/"},{"@type":"ListItem","position":2,"name":"Gedenkfeiern"}]},{"@type":"WebSite","@id":"https:\/\/www.lebenswege.co\/WP\/#website","url":"https:\/\/www.lebenswege.co\/WP\/","name":"Sylvia Cordie - Lebenswege - Wort - Begleitung - Stimme","description":"Wort | Begleitung | Stimme","publisher":{"@id":"https:\/\/www.lebenswege.co\/WP\/#\/schema\/person\/d92bed2b60e7c1d5067b038498e78265"},"potentialAction":[{"@type":"SearchAction","target":{"@type":"EntryPoint","urlTemplate":"https:\/\/www.lebenswege.co\/WP\/?s={search_term_string}"},"query-input":{"@type":"PropertyValueSpecification","valueRequired":true,"valueName":"search_term_string"}}],"inLanguage":"de"},{"@type":["Person","Organization"],"@id":"https:\/\/www.lebenswege.co\/WP\/#\/schema\/person\/d92bed2b60e7c1d5067b038498e78265","name":"Sylvia Cordie","image":{"@type":"ImageObject","inLanguage":"de","@id":"https:\/\/www.lebenswege.co\/WP\/wp-content\/uploads\/ichtysbutton_klein.png","url":"https:\/\/www.lebenswege.co\/WP\/wp-content\/uploads\/ichtysbutton_klein.png","contentUrl":"https:\/\/www.lebenswege.co\/WP\/wp-content\/uploads\/ichtysbutton_klein.png","width":82,"height":82,"caption":"Sylvia Cordie"},"logo":{"@id":"https:\/\/www.lebenswege.co\/WP\/wp-content\/uploads\/ichtysbutton_klein.png"},"sameAs":["http:\/\/www.lebenswege.co"]}]}},"_links":{"self":[{"href":"https:\/\/www.lebenswege.co\/WP\/wp-json\/wp\/v2\/portfolio\/3974","targetHints":{"allow":["GET"]}}],"collection":[{"href":"https:\/\/www.lebenswege.co\/WP\/wp-json\/wp\/v2\/portfolio"}],"about":[{"href":"https:\/\/www.lebenswege.co\/WP\/wp-json\/wp\/v2\/types\/portfolio"}],"replies":[{"embeddable":true,"href":"https:\/\/www.lebenswege.co\/WP\/wp-json\/wp\/v2\/comments?post=3974"}],"version-history":[{"count":1,"href":"https:\/\/www.lebenswege.co\/WP\/wp-json\/wp\/v2\/portfolio\/3974\/revisions"}],"predecessor-version":[{"id":4344,"href":"https:\/\/www.lebenswege.co\/WP\/wp-json\/wp\/v2\/portfolio\/3974\/revisions\/4344"}],"wp:featuredmedia":[{"embeddable":true,"href":"https:\/\/www.lebenswege.co\/WP\/wp-json\/wp\/v2\/media\/4136"}],"wp:attachment":[{"href":"https:\/\/www.lebenswege.co\/WP\/wp-json\/wp\/v2\/media?parent=3974"}],"wp:term":[{"taxonomy":"post_tag","embeddable":true,"href":"https:\/\/www.lebenswege.co\/WP\/wp-json\/wp\/v2\/tags?post=3974"},{"taxonomy":"portfolio_entries","embeddable":true,"href":"https:\/\/www.lebenswege.co\/WP\/wp-json\/wp\/v2\/portfolio_entries?post=3974"}],"curies":[{"name":"wp","href":"https:\/\/api.w.org\/{rel}","templated":true}]}}