{"id":3975,"date":"2015-03-24T07:53:41","date_gmt":"2015-03-24T05:53:41","guid":{"rendered":"http:\/\/www.lebenswege.co\/WP\/?post_type=portfolio&#038;p=3975"},"modified":"2016-10-18T12:00:17","modified_gmt":"2016-10-18T10:00:17","slug":"fragen-und-antworten","status":"publish","type":"portfolio","link":"https:\/\/www.lebenswege.co\/WP\/portfolio-item\/fragen-und-antworten\/","title":{"rendered":"Fragen und Antworten"},"content":{"rendered":"<div id='av_section_1'  class='avia-section main_color avia-section-no-padding avia-no-border-styling  avia-bg-style-scroll  avia-builder-el-0  avia-builder-el-no-sibling   container_wrap fullsize' style=' '  ><div class='container' ><main  role=\"main\" itemprop=\"mainContentOfPage\"  class='template-page content  av-content-full alpha units'><div class='post-entry post-entry-type-page post-entry-3975'><div class='entry-content-wrapper clearfix'>\n<div class=\"flex_column av_two_fifth  flex_column_div av-zero-column-padding first  avia-builder-el-1  el_before_av_three_fifth  avia-builder-el-first  \" style='border-radius:0px; '><div  class='avia-image-container  av-styling-    avia-builder-el-2  avia-builder-el-no-sibling  avia-align-center '  itemprop=\"image\" itemscope=\"itemscope\" itemtype=\"https:\/\/schema.org\/ImageObject\"  ><div class='avia-image-container-inner'><div class='avia-image-overlay-wrap'><img class='avia_image' src='https:\/\/www.lebenswege.co\/WP\/wp-content\/uploads\/Abschiedsfeiern_Fragen_Antworten.jpg' alt='' title='Abschiedsfeiern_Fragen_Antworten' height=\"1166\" width=\"1630\"  itemprop=\"thumbnailUrl\"  \/><\/div><\/div><\/div><\/div><div class=\"flex_column av_three_fifth  flex_column_div av-zero-column-padding   avia-builder-el-3  el_after_av_two_fifth  el_before_av_hr  \" style='border-radius:0px; '><p><div  style='padding-bottom:10px; ' class='av-special-heading av-special-heading-h3    avia-builder-el-4  el_before_av_hr  avia-builder-el-first  '><h3 class='av-special-heading-tag '  itemprop=\"headline\"  >Fragen <span class='special_amp'>&amp;<\/span> Antworten<\/h3><div class='special-heading-border'><div class='special-heading-inner-border' ><\/div><\/div><\/div><br \/>\n<div  style='height:70px' class='hr hr-invisible   avia-builder-el-5  el_after_av_heading  el_before_av_textblock '><span class='hr-inner ' ><span class='hr-inner-style'><\/span><\/span><\/div><br \/>\n<section class=\"av_textblock_section \"  itemscope=\"itemscope\" itemtype=\"https:\/\/schema.org\/CreativeWork\" ><div class='avia_textblock  '  style='font-size:16px; '  itemprop=\"text\" ><p style=\"text-align: center;\">Einen letzten Abschied gestaltet man nicht jeden Tag.<\/p>\n<p style=\"text-align: center;\">Sollte Ihre besondere Frage nicht dabei sein,<\/p>\n<p style=\"text-align: center;\">d\u00fcrfen Sie mich nat\u00fcrlich gerne pers\u00f6nlich ansprechen.<\/p>\n<\/div><\/section><\/p><\/div><div  style='height:70px' class='hr hr-invisible   avia-builder-el-7  el_after_av_three_fifth  el_before_av_one_fourth '><span class='hr-inner ' ><span class='hr-inner-style'><\/span><\/span><\/div>\n<div class=\"flex_column av_one_fourth  flex_column_div av-zero-column-padding first  avia-builder-el-8  el_after_av_hr  el_before_av_three_fourth  \" style='border-radius:0px; '><p><div  class='avia-image-container  av-styling-    avia-builder-el-9  el_before_av_textblock  avia-builder-el-first  avia-align-left '  itemprop=\"image\" itemscope=\"itemscope\" itemtype=\"https:\/\/schema.org\/ImageObject\"  ><div class='avia-image-container-inner'><div class='avia-image-overlay-wrap'><img class='avia_image' src='https:\/\/www.lebenswege.co\/WP\/wp-content\/uploads\/Abschiedsfeiern-300x122.jpg' alt='' title=''   itemprop=\"thumbnailUrl\"  \/><\/div><\/div><\/div><br \/>\n<section class=\"av_textblock_section \"  itemscope=\"itemscope\" itemtype=\"https:\/\/schema.org\/CreativeWork\" ><div class='avia_textblock  '   itemprop=\"text\" ><p>Gerne berate und begleite ich Sie auch in schwierigen Situationen bei allen Formen der Bestattung.<\/p>\n<p>Z\u00f6gern Sie nicht, <a href=\"https:\/\/www.lebenswege.co\/WP\/portfolio-item\/kontakt\/\">Kontakt <\/a>aufzunehmen.<\/p>\n<\/div><\/section><\/p><\/div><div class=\"flex_column av_three_fourth  flex_column_div av-zero-column-padding   avia-builder-el-11  el_after_av_one_fourth  avia-builder-el-last  \" style='border-radius:0px; '><section class=\"av_textblock_section \"  itemscope=\"itemscope\" itemtype=\"https:\/\/schema.org\/CreativeWork\" ><div class='avia_textblock  '   itemprop=\"text\" ><p><span style=\"color: #046e7a;\"><strong><span class=\"av_dropcap1 \" >W<\/span>ie k\u00f6nnen wir uns auf das Gespr\u00e4ch vorbereiten?<\/strong><\/span><br \/>\nDa ich in der Regel den Verstorbenen nicht pers\u00f6nlich gekannt habe, ist es hilfreich, wenn Sie Fotos oder (symbolische) Gegenst\u00e4nde, die den Verstorbenen charakterisieren, bereitlegen. Gerne k\u00f6nnen Sie auch vorher schon Texte oder Musik zusammenstellen, die dem Verstorbenen etwas bedeutet haben oder f\u00fcr Sie und Ihre Trauer wichtig sind. Sehr hilfreich ist es auch, wenn mehrere nahe Angeh\u00f6rige am Gespr\u00e4ch teilnehmen, da f\u00fcr jeden andere Aspekte wichtig sind, die in der Trauerfeier ihren Platz finden sollen.<\/p>\n<p><span style=\"color: #046e7a;\"><strong><span class=\"av_dropcap1 \" >W<\/span>ie ist der Ablauf einer Trauerfeier?<\/strong><\/span><br \/>\nSo individuell der Verstorbene und Sie als seine Angeh\u00f6rigen sind, so pers\u00f6nlich und einzigartig sollte auch die Trauerfeier sein. Daher verwende ich keine Textbausteine oder vorgefertigte Musterreden, sondern gestalte die Feier nach Ihren W\u00fcnschen und auf der Grundlage des Bildes, das Sie mir von dem Verstorbenen und Ihrer Beziehung zu ihm vermitteln.<br \/>\nDie folgenden drei Punkte halte ich jedoch f\u00fcr essentielle Bestandteile jeder Trauerfeier:<\/p>\n<p>\u2022 die Erinnerung an den Verstorbenen und sein Leben<br \/>\n\u2022 der Ausdruck von Klage und Schmerz der Angeh\u00f6rigen<br \/>\n\u2022 die Er\u00f6ffnung von Hoffnungsperspektiven f\u00fcr die Zur\u00fcckbleibenden.<\/p>\n<p><span style=\"color: #046e7a;\"><strong><span class=\"av_dropcap1 \" >W<\/span>ie k\u00f6nnen oder sollten wir als Angeh\u00f6rige uns aktiv in die Feier einbringen?<\/strong><\/span><br \/>\nEs gilt der Grundsatz: Alles, was Ihnen hilft und gut tut, ist sinnvoll und m\u00f6glich. Sehr gerne lasse ich in der Feier Raum f\u00fcr Wort-, Musik- oder andere Beitr\u00e4ge von Angeh\u00f6rigen oder Freunden. Jedes aktive Tun wie auch der Vollzug von (gemeinsamen) Ritualen \u2013 sei es das Anz\u00fcnden von Lichtern oder das Gestalten von Grabbeigaben &#8211; kann helfen, den Gef\u00fchlen von Ohnmacht und Hilflosigkeit zu begegnen, die so oft den Verlust eines geliebten Menschen begleiten. Als naher Angeh\u00f6riger sollten Sie sich jedoch nicht \u00fcberfordern. Die Trauerfeier l\u00f6st oft so starke Emotionen aus, dass schon mal buchst\u00e4blich die Stimme wegbleiben kann. Daher \u00fcbernehme ich das Sprechen und Singen gerne f\u00fcr Sie auch spontan, wenn n\u00f6tig, w\u00e4hrend der Feier. Sie d\u00fcrfen sich darauf verlassen, dass ich Sie durch die Feier des Abschieds hindurch sicher begleite.<\/p>\n<p><span style=\"color: #046e7a;\"><strong><span class=\"av_dropcap1 \" >W<\/span>elche Musik kann bei einer Trauerfeier oder einem Trauergottesdienst eingesetzt werden?<\/strong><\/span><br \/>\nAuch da gilt der Grundsatz: Alles, was Ihnen hilft und gut tut, ist sinnvoll und m\u00f6glich. Nat\u00fcrlich muss es nicht nur Orgelmusik sein. Grunds\u00e4tzlich ist keine Musik, ob Jazz, Volksmusik, Pop oder Techno abzulehnen. Gerade in der modernen Musik gibt es in diversen Stilen sehr viele lebensnahe, Trost spendende Lieder und Instrumentalst\u00fccke, die Trauernden weiterhelfen und Hoffnung vermitteln k\u00f6nnen.<\/p>\n<p><span style=\"color: #046e7a;\"><strong><span class=\"av_dropcap1 \" >W<\/span>as ist der Unterschied zwischen einer weltlichen Trauerfeier und einem Trauergottesdienst?<\/strong><\/span><br \/>\nDie Abschiedsfeier soll sich an dem ausrichten, was Ihrer Glaubens\u00fcberzeugung und der Ihres verstorbenen Angeh\u00f6rigen entspricht. Ihre Vorstellungen von dem, was nach dem irdischen Leben ist, sollen in der Feier aufgehoben sein. Dabei gehe ich von Ihrem Glauben und dem des Verstorbenen aus, auch wenn er sich von meinem eigenen unterscheidet, da ich vor allen Dingen m\u00f6chte, dass Sie sich in den Worten und Ritualen der Feier wiederfinden. Alles, was dem Leben dient und Ihnen weiterhilft, den Verlust Ihres Angeh\u00f6rigen zu tragen, kann ich mit meinem eigenen (christlichen) Glauben vereinbaren.<br \/>\nEine weltliche Trauerfeier ist an keinen bestimmten Formen oder Texten orientiert, w\u00e4hrend es f\u00fcr christliche Gottesdienste tradierte Formulare und Gebete gibt. Aber auch da haben Sie die Wahl zwischen alten und neuen oder ganz freien liturgischen Abl\u00e4ufen und Gebeten sowie biblischen oder weltlichen Texten. Eine (katholische) Messfeier kann Ihnen allerdings nur ein Geistlicher anbieten; einen Wortgottesdienst, wie ihn inzwischen viele Christen bevorzugen, kann ich als Laie gerne f\u00fcr Sie halten.<\/p>\n<p><span style=\"color: #046e7a;\"><strong><span class=\"av_dropcap1 \" >W<\/span>as ist bei anonymen Bestattungen z.B. in einem Friedwald oder eine Seebestattung zu beachten?<\/strong><\/span><br \/>\nNat\u00fcrlich respektiere ich auch den Wunsch nach anonymer Bestattung. Ich gebe aber immer mit zu bedenken, ob das Fehlen eines eindeutigen Bestattungsortes f\u00fcr die Angeh\u00f6rigen auf Dauer lebbar ist. H\u00e4ufig befinden sich dabei die Angeh\u00f6rigen in einem Konflikt zwischen dem vorab ge\u00e4u\u00dferten Willen des Verstorbenen und ihrem eigenen, diesem Wunsch widersprechenden Bed\u00fcrfnis, einen mit dem Namen bezeichneten Ort der Trauer zu haben. Unsere Friedh\u00f6fe bieten dazu inzwischen eine Vielzahl an unterschiedlichen M\u00f6glichkeiten.<\/p>\n<p>Gerne berate ich Sie in diesem oder anderen schwierigen F\u00e4llen und begleite Sie dann auch bei diesen Formen der Bestattung.<\/p>\n<\/div><\/section><\/div>\n","protected":false},"excerpt":{"rendered":"","protected":false},"featured_media":3601,"comment_status":"closed","ping_status":"closed","template":"","tags":[],"portfolio_entries":[36],"class_list":["post-3975","portfolio","type-portfolio","status-publish","has-post-thumbnail","hentry","portfolio_entries-abschiedsfeiern"],"yoast_head":"<!-- This site is optimized with the Yoast SEO plugin v27.2 - https:\/\/yoast.com\/product\/yoast-seo-wordpress\/ -->\n<title>Fragen und Antworten - Sylvia Cordie - Lebenswege<\/title>\n<meta name=\"robots\" content=\"index, follow, max-snippet:-1, max-image-preview:large, max-video-preview:-1\" \/>\n<link rel=\"canonical\" href=\"https:\/\/www.lebenswege.co\/WP\/portfolio-item\/fragen-und-antworten\/\" \/>\n<meta property=\"og:locale\" content=\"de_DE\" \/>\n<meta property=\"og:type\" content=\"article\" \/>\n<meta property=\"og:title\" content=\"Fragen und Antworten - Sylvia Cordie - Lebenswege\" \/>\n<meta property=\"og:url\" content=\"https:\/\/www.lebenswege.co\/WP\/portfolio-item\/fragen-und-antworten\/\" \/>\n<meta property=\"og:site_name\" content=\"Sylvia Cordie - Lebenswege\" \/>\n<meta property=\"article:modified_time\" content=\"2016-10-18T10:00:17+00:00\" \/>\n<meta property=\"og:image\" content=\"https:\/\/www.lebenswege.co\/WP\/wp-content\/uploads\/Trauergruppen.jpg\" \/>\n\t<meta property=\"og:image:width\" content=\"1000\" \/>\n\t<meta property=\"og:image:height\" content=\"667\" \/>\n\t<meta property=\"og:image:type\" content=\"image\/jpeg\" \/>\n<meta name=\"twitter:card\" content=\"summary_large_image\" \/>\n<meta name=\"twitter:label1\" content=\"Gesch\u00e4tzte Lesezeit\" \/>\n\t<meta name=\"twitter:data1\" content=\"7\u00a0Minuten\" \/>\n<script type=\"application\/ld+json\" class=\"yoast-schema-graph\">{\"@context\":\"https:\/\/schema.org\",\"@graph\":[{\"@type\":\"WebPage\",\"@id\":\"https:\/\/www.lebenswege.co\/WP\/portfolio-item\/fragen-und-antworten\/\",\"url\":\"https:\/\/www.lebenswege.co\/WP\/portfolio-item\/fragen-und-antworten\/\",\"name\":\"Fragen und Antworten - Sylvia Cordie - Lebenswege\",\"isPartOf\":{\"@id\":\"https:\/\/www.lebenswege.co\/WP\/#website\"},\"primaryImageOfPage\":{\"@id\":\"https:\/\/www.lebenswege.co\/WP\/portfolio-item\/fragen-und-antworten\/#primaryimage\"},\"image\":{\"@id\":\"https:\/\/www.lebenswege.co\/WP\/portfolio-item\/fragen-und-antworten\/#primaryimage\"},\"thumbnailUrl\":\"https:\/\/www.lebenswege.co\/WP\/wp-content\/uploads\/Trauergruppen.jpg\",\"datePublished\":\"2015-03-24T05:53:41+00:00\",\"dateModified\":\"2016-10-18T10:00:17+00:00\",\"breadcrumb\":{\"@id\":\"https:\/\/www.lebenswege.co\/WP\/portfolio-item\/fragen-und-antworten\/#breadcrumb\"},\"inLanguage\":\"de\",\"potentialAction\":[{\"@type\":\"ReadAction\",\"target\":[\"https:\/\/www.lebenswege.co\/WP\/portfolio-item\/fragen-und-antworten\/\"]}]},{\"@type\":\"ImageObject\",\"inLanguage\":\"de\",\"@id\":\"https:\/\/www.lebenswege.co\/WP\/portfolio-item\/fragen-und-antworten\/#primaryimage\",\"url\":\"https:\/\/www.lebenswege.co\/WP\/wp-content\/uploads\/Trauergruppen.jpg\",\"contentUrl\":\"https:\/\/www.lebenswege.co\/WP\/wp-content\/uploads\/Trauergruppen.jpg\",\"width\":1000,\"height\":667},{\"@type\":\"BreadcrumbList\",\"@id\":\"https:\/\/www.lebenswege.co\/WP\/portfolio-item\/fragen-und-antworten\/#breadcrumb\",\"itemListElement\":[{\"@type\":\"ListItem\",\"position\":1,\"name\":\"Startseite\",\"item\":\"https:\/\/www.lebenswege.co\/WP\/\"},{\"@type\":\"ListItem\",\"position\":2,\"name\":\"Fragen und Antworten\"}]},{\"@type\":\"WebSite\",\"@id\":\"https:\/\/www.lebenswege.co\/WP\/#website\",\"url\":\"https:\/\/www.lebenswege.co\/WP\/\",\"name\":\"Sylvia Cordie - Lebenswege - Wort - Begleitung - Stimme\",\"description\":\"Wort | Begleitung | Stimme\",\"publisher\":{\"@id\":\"https:\/\/www.lebenswege.co\/WP\/#\/schema\/person\/d92bed2b60e7c1d5067b038498e78265\"},\"potentialAction\":[{\"@type\":\"SearchAction\",\"target\":{\"@type\":\"EntryPoint\",\"urlTemplate\":\"https:\/\/www.lebenswege.co\/WP\/?s={search_term_string}\"},\"query-input\":{\"@type\":\"PropertyValueSpecification\",\"valueRequired\":true,\"valueName\":\"search_term_string\"}}],\"inLanguage\":\"de\"},{\"@type\":[\"Person\",\"Organization\"],\"@id\":\"https:\/\/www.lebenswege.co\/WP\/#\/schema\/person\/d92bed2b60e7c1d5067b038498e78265\",\"name\":\"Sylvia Cordie\",\"image\":{\"@type\":\"ImageObject\",\"inLanguage\":\"de\",\"@id\":\"https:\/\/www.lebenswege.co\/WP\/wp-content\/uploads\/ichtysbutton_klein.png\",\"url\":\"https:\/\/www.lebenswege.co\/WP\/wp-content\/uploads\/ichtysbutton_klein.png\",\"contentUrl\":\"https:\/\/www.lebenswege.co\/WP\/wp-content\/uploads\/ichtysbutton_klein.png\",\"width\":82,\"height\":82,\"caption\":\"Sylvia Cordie\"},\"logo\":{\"@id\":\"https:\/\/www.lebenswege.co\/WP\/wp-content\/uploads\/ichtysbutton_klein.png\"},\"sameAs\":[\"http:\/\/www.lebenswege.co\"]}]}<\/script>\n<!-- \/ Yoast SEO plugin. -->","yoast_head_json":{"title":"Fragen und Antworten - Sylvia Cordie - Lebenswege","robots":{"index":"index","follow":"follow","max-snippet":"max-snippet:-1","max-image-preview":"max-image-preview:large","max-video-preview":"max-video-preview:-1"},"canonical":"https:\/\/www.lebenswege.co\/WP\/portfolio-item\/fragen-und-antworten\/","og_locale":"de_DE","og_type":"article","og_title":"Fragen und Antworten - Sylvia Cordie - Lebenswege","og_url":"https:\/\/www.lebenswege.co\/WP\/portfolio-item\/fragen-und-antworten\/","og_site_name":"Sylvia Cordie - Lebenswege","article_modified_time":"2016-10-18T10:00:17+00:00","og_image":[{"width":1000,"height":667,"url":"https:\/\/www.lebenswege.co\/WP\/wp-content\/uploads\/Trauergruppen.jpg","type":"image\/jpeg"}],"twitter_card":"summary_large_image","twitter_misc":{"Gesch\u00e4tzte Lesezeit":"7\u00a0Minuten"},"schema":{"@context":"https:\/\/schema.org","@graph":[{"@type":"WebPage","@id":"https:\/\/www.lebenswege.co\/WP\/portfolio-item\/fragen-und-antworten\/","url":"https:\/\/www.lebenswege.co\/WP\/portfolio-item\/fragen-und-antworten\/","name":"Fragen und Antworten - Sylvia Cordie - Lebenswege","isPartOf":{"@id":"https:\/\/www.lebenswege.co\/WP\/#website"},"primaryImageOfPage":{"@id":"https:\/\/www.lebenswege.co\/WP\/portfolio-item\/fragen-und-antworten\/#primaryimage"},"image":{"@id":"https:\/\/www.lebenswege.co\/WP\/portfolio-item\/fragen-und-antworten\/#primaryimage"},"thumbnailUrl":"https:\/\/www.lebenswege.co\/WP\/wp-content\/uploads\/Trauergruppen.jpg","datePublished":"2015-03-24T05:53:41+00:00","dateModified":"2016-10-18T10:00:17+00:00","breadcrumb":{"@id":"https:\/\/www.lebenswege.co\/WP\/portfolio-item\/fragen-und-antworten\/#breadcrumb"},"inLanguage":"de","potentialAction":[{"@type":"ReadAction","target":["https:\/\/www.lebenswege.co\/WP\/portfolio-item\/fragen-und-antworten\/"]}]},{"@type":"ImageObject","inLanguage":"de","@id":"https:\/\/www.lebenswege.co\/WP\/portfolio-item\/fragen-und-antworten\/#primaryimage","url":"https:\/\/www.lebenswege.co\/WP\/wp-content\/uploads\/Trauergruppen.jpg","contentUrl":"https:\/\/www.lebenswege.co\/WP\/wp-content\/uploads\/Trauergruppen.jpg","width":1000,"height":667},{"@type":"BreadcrumbList","@id":"https:\/\/www.lebenswege.co\/WP\/portfolio-item\/fragen-und-antworten\/#breadcrumb","itemListElement":[{"@type":"ListItem","position":1,"name":"Startseite","item":"https:\/\/www.lebenswege.co\/WP\/"},{"@type":"ListItem","position":2,"name":"Fragen und Antworten"}]},{"@type":"WebSite","@id":"https:\/\/www.lebenswege.co\/WP\/#website","url":"https:\/\/www.lebenswege.co\/WP\/","name":"Sylvia Cordie - Lebenswege - Wort - Begleitung - Stimme","description":"Wort | Begleitung | Stimme","publisher":{"@id":"https:\/\/www.lebenswege.co\/WP\/#\/schema\/person\/d92bed2b60e7c1d5067b038498e78265"},"potentialAction":[{"@type":"SearchAction","target":{"@type":"EntryPoint","urlTemplate":"https:\/\/www.lebenswege.co\/WP\/?s={search_term_string}"},"query-input":{"@type":"PropertyValueSpecification","valueRequired":true,"valueName":"search_term_string"}}],"inLanguage":"de"},{"@type":["Person","Organization"],"@id":"https:\/\/www.lebenswege.co\/WP\/#\/schema\/person\/d92bed2b60e7c1d5067b038498e78265","name":"Sylvia Cordie","image":{"@type":"ImageObject","inLanguage":"de","@id":"https:\/\/www.lebenswege.co\/WP\/wp-content\/uploads\/ichtysbutton_klein.png","url":"https:\/\/www.lebenswege.co\/WP\/wp-content\/uploads\/ichtysbutton_klein.png","contentUrl":"https:\/\/www.lebenswege.co\/WP\/wp-content\/uploads\/ichtysbutton_klein.png","width":82,"height":82,"caption":"Sylvia Cordie"},"logo":{"@id":"https:\/\/www.lebenswege.co\/WP\/wp-content\/uploads\/ichtysbutton_klein.png"},"sameAs":["http:\/\/www.lebenswege.co"]}]}},"_links":{"self":[{"href":"https:\/\/www.lebenswege.co\/WP\/wp-json\/wp\/v2\/portfolio\/3975","targetHints":{"allow":["GET"]}}],"collection":[{"href":"https:\/\/www.lebenswege.co\/WP\/wp-json\/wp\/v2\/portfolio"}],"about":[{"href":"https:\/\/www.lebenswege.co\/WP\/wp-json\/wp\/v2\/types\/portfolio"}],"replies":[{"embeddable":true,"href":"https:\/\/www.lebenswege.co\/WP\/wp-json\/wp\/v2\/comments?post=3975"}],"version-history":[{"count":2,"href":"https:\/\/www.lebenswege.co\/WP\/wp-json\/wp\/v2\/portfolio\/3975\/revisions"}],"predecessor-version":[{"id":4339,"href":"https:\/\/www.lebenswege.co\/WP\/wp-json\/wp\/v2\/portfolio\/3975\/revisions\/4339"}],"wp:featuredmedia":[{"embeddable":true,"href":"https:\/\/www.lebenswege.co\/WP\/wp-json\/wp\/v2\/media\/3601"}],"wp:attachment":[{"href":"https:\/\/www.lebenswege.co\/WP\/wp-json\/wp\/v2\/media?parent=3975"}],"wp:term":[{"taxonomy":"post_tag","embeddable":true,"href":"https:\/\/www.lebenswege.co\/WP\/wp-json\/wp\/v2\/tags?post=3975"},{"taxonomy":"portfolio_entries","embeddable":true,"href":"https:\/\/www.lebenswege.co\/WP\/wp-json\/wp\/v2\/portfolio_entries?post=3975"}],"curies":[{"name":"wp","href":"https:\/\/api.w.org\/{rel}","templated":true}]}}